{"id":2138,"date":"2023-09-22T14:58:46","date_gmt":"2023-09-22T14:58:46","guid":{"rendered":"https:\/\/adriacaminofestival.com\/program\/"},"modified":"2025-09-19T15:48:12","modified_gmt":"2025-09-19T15:48:12","slug":"program","status":"publish","type":"page","link":"https:\/\/adriacaminofestival.com\/hr\/program\/","title":{"rendered":"Program"},"content":{"rendered":"\t\t<div data-elementor-type=\"wp-page\" data-elementor-id=\"2138\" class=\"elementor elementor-2138 elementor-66\" data-elementor-post-type=\"page\">\n\t\t\t\t\t\t<section class=\"elementor-section elementor-top-section elementor-element elementor-element-e499ad5 elementor-section-height-min-height elementor-section-full_width elementor-section-height-default elementor-section-items-middle\" data-id=\"e499ad5\" data-element_type=\"section\" data-settings=\"{&quot;background_background&quot;:&quot;classic&quot;}\">\n\t\t\t\t\t\t<div class=\"elementor-container elementor-column-gap-default\">\n\t\t\t\t\t<div class=\"elementor-column elementor-col-100 elementor-top-column elementor-element elementor-element-cb5dd7e\" data-id=\"cb5dd7e\" data-element_type=\"column\" data-settings=\"{&quot;background_background&quot;:&quot;classic&quot;}\">\n\t\t\t<div class=\"elementor-widget-wrap elementor-element-populated\">\n\t\t\t\t\t\t<div class=\"elementor-element elementor-element-459914d elementor-widget elementor-widget-spacer\" data-id=\"459914d\" data-element_type=\"widget\" data-widget_type=\"spacer.default\">\n\t\t\t\t<div class=\"elementor-widget-container\">\n\t\t\t\t\t\t\t<div class=\"elementor-spacer\">\n\t\t\t<div class=\"elementor-spacer-inner\"><\/div>\n\t\t<\/div>\n\t\t\t\t\t\t<\/div>\n\t\t\t\t<\/div>\n\t\t\t\t\t<\/div>\n\t\t<\/div>\n\t\t\t\t\t<\/div>\n\t\t<\/section>\n\t\t\t\t<section class=\"elementor-section elementor-top-section elementor-element elementor-element-1cdb7e0 elementor-section-boxed elementor-section-height-default elementor-section-height-default\" data-id=\"1cdb7e0\" data-element_type=\"section\">\n\t\t\t\t\t\t<div class=\"elementor-container elementor-column-gap-default\">\n\t\t\t\t\t<div class=\"elementor-column elementor-col-100 elementor-top-column elementor-element elementor-element-58a4be6\" data-id=\"58a4be6\" data-element_type=\"column\">\n\t\t\t<div class=\"elementor-widget-wrap elementor-element-populated\">\n\t\t\t\t\t\t<div class=\"elementor-element elementor-element-0bee429 elementor-widget elementor-widget-button\" data-id=\"0bee429\" data-element_type=\"widget\" data-widget_type=\"button.default\">\n\t\t\t\t<div class=\"elementor-widget-container\">\n\t\t\t\t\t\t\t\t\t<div class=\"elementor-button-wrapper\">\n\t\t\t\t\t<a class=\"elementor-button elementor-size-sm\" role=\"button\">\n\t\t\t\t\t\t<span class=\"elementor-button-content-wrapper\">\n\t\t\t\t\t\t\t\t\t<span class=\"elementor-button-text\">Program festivala  <\/span>\n\t\t\t\t\t<\/span>\n\t\t\t\t\t<\/a>\n\t\t\t\t<\/div>\n\t\t\t\t\t\t\t\t<\/div>\n\t\t\t\t<\/div>\n\t\t\t\t<div class=\"elementor-element elementor-element-32d2e27 elementor-widget__width-initial elementor-widget elementor-widget-text-editor\" data-id=\"32d2e27\" data-element_type=\"widget\" data-widget_type=\"text-editor.default\">\n\t\t\t\t<div class=\"elementor-widget-container\">\n\t\t\t\t\t\t\t\t\t<div dir=\"auto\">Organizatori zadr\u017eavaju pravo a\u017euriranja programa. Sve takve promjene bit \u0107e vidljive na ovoj web stranici. <\/div>\n<div dir=\"auto\">&nbsp;<\/div>\n<div dir=\"auto\"><strong>PRIJEVOD:<\/strong><\/div>\n<div dir=\"auto\">Za tekstualni prijevod &#8220;u\u017eivo&#8221; tijekom festivala kliknite na Wordly link: <a href=\"https:\/\/attend.wordly.ai\/join\/VLLF-0487\">https:\/\/attend.wordly.ai\/join\/VLLF-0487<\/a><br>&nbsp;(link aktivan samo tijekom manifestacije). Ponesite vlastite slu\u0161alice ako \u017eelite slu\u0161ati prijevod na svom mobitelu. <\/div>\t\t\t\t\t\t\t\t<\/div>\n\t\t\t\t<\/div>\n\t\t\t\t\t<\/div>\n\t\t<\/div>\n\t\t\t\t\t<\/div>\n\t\t<\/section>\n\t\t\t\t<section class=\"elementor-section elementor-top-section elementor-element elementor-element-c298baf elementor-section-boxed elementor-section-height-default elementor-section-height-default\" data-id=\"c298baf\" data-element_type=\"section\" data-settings=\"{&quot;background_background&quot;:&quot;classic&quot;}\">\n\t\t\t\t\t\t<div class=\"elementor-container elementor-column-gap-default\">\n\t\t\t\t\t<div class=\"elementor-column elementor-col-100 elementor-top-column elementor-element elementor-element-5ee47d4\" data-id=\"5ee47d4\" data-element_type=\"column\" data-settings=\"{&quot;background_background&quot;:&quot;classic&quot;}\">\n\t\t\t<div class=\"elementor-widget-wrap elementor-element-populated\">\n\t\t\t\t\t\t<div class=\"elementor-element elementor-element-6706c16 elementor-widget__width-initial elementor-widget elementor-widget-text-editor\" data-id=\"6706c16\" data-element_type=\"widget\" data-widget_type=\"text-editor.default\">\n\t\t\t\t<div class=\"elementor-widget-container\">\n\t\t\t\t\t\t\t\t\t<h5>&nbsp;PETAK 26.09. &#8211; Civitas Sacra  <a style=\"background-color: #ffffff; font-size: 1rem;\" href=\"https:\/\/maps.app.goo.gl\/9JfaXW6FTaRhMgYu8\"><span style=\"text-decoration-line: underline;\">Google Maps lokacija<\/span><\/a> <\/h5>\n<p>8:30-10:00 Registracija sudionika<br><span style=\"font-size: 1rem;\">10:00-10:05 Sve\u010dano otvorenje Festivala &#8211; \u017deljko Buri\u0107, gradona\u010delnik Grada \u0160ibenika<br><\/span><span style=\"font-size: 1rem;\">10:10-10:15 Cilj Camino hodo\u010da\u0161\u0107a &#8211; mons, Francisco Jos\u00e9 Prieto Fern\u00e1ndez nadbiskup Santiaga de Compostele<br><\/span><span style=\"font-size: 1rem;\">10:15-10:20 Camino kao europska ba\u0161tina &#8211; Francisco Jos\u00e9 Mill\u00e1n Mon, zastupnik u Europskom parlamentu,<br><\/span><span style=\"font-size: 1rem;\">10:20-10:40 Camino de Santiago Zajedni\u010dki europski put &#8211; Pascal Duchene, predsjednik Camino Europa Compostela federacije<br><\/span><span style=\"font-size: 1rem;\">10:40-11:00 Preko 800 godina hrvatske Camino ba\u0161tine &#8211; Vedran Prazen, Bratov\u0161tina sv. Jakova<br><\/span><span style=\"font-size: 1rem;\">11:00-11:20 Sinergija europskih kulturnih ruta &#8211; Kristina Suppe, Turisti\u010dka zajednica grada Petrinje<br><\/span><span style=\"font-size: 1rem;\">11:20-11:40 Camino Poljska: Dobre prakse u institucionalnoj suradnji &#8211; Ma\u0142gorzata Stok\u0142osa Poljska<br><\/span><span style=\"font-size: 1rem;\">11:40-12:00 Camino Hrvatska: sve\u010dana dodjela certifikata<\/span><\/p>\n<p>12:00-14:00 PAUZA ZA RU\u010cAK<\/p>\n<p>14:00-14:40 OKRUGLI STOL: Camino i kulturni turizam: Hodajmo zajedno<br><span style=\"font-size: 1rem;\">14:40-15:00 Caminom sa braniteljima &#8211; Svitlana Tsyhankova, Camino Podolico<br><\/span><span style=\"font-size: 1rem;\">15:00-16:00 OKRUGLI STOL: Camino kao duhovna prilika<\/span><\/p>\n<p><b>16:00-19:00 &#8216;QR Camino Europe&#8217; : interaktivna izlo\u017eba \u2014 pro\u0161e\u0107ite centrom grada, skenirajte QR kodove , pogledajte interaktivne prezentacije europskih Camino ruta i nabavite jedinstvenu Compostelu!<\/b><\/p>\n<p>19.00 Sveta misa u katedrali Sv. Jakova<br>19:45 Procesija pod svije\u0107ama od katedrale Sv. Jakova kroz stari grad<\/p>\t\t\t\t\t\t\t\t<\/div>\n\t\t\t\t<\/div>\n\t\t\t\t\t<\/div>\n\t\t<\/div>\n\t\t\t\t\t<\/div>\n\t\t<\/section>\n\t\t\t\t<section class=\"elementor-section elementor-top-section elementor-element elementor-element-6bc5dd3 elementor-section-boxed elementor-section-height-default elementor-section-height-default\" data-id=\"6bc5dd3\" data-element_type=\"section\">\n\t\t\t\t\t\t<div class=\"elementor-container elementor-column-gap-default\">\n\t\t\t\t\t<div class=\"elementor-column elementor-col-50 elementor-top-column elementor-element elementor-element-0fc7021\" data-id=\"0fc7021\" data-element_type=\"column\">\n\t\t\t<div class=\"elementor-widget-wrap elementor-element-populated\">\n\t\t\t\t\t\t<div class=\"elementor-element elementor-element-04b99cb elementor-widget elementor-widget-image\" data-id=\"04b99cb\" data-element_type=\"widget\" data-widget_type=\"image.default\">\n\t\t\t\t<div class=\"elementor-widget-container\">\n\t\t\t\t\t\t\t\t\t\t\t\t\t\t\t<img fetchpriority=\"high\" decoding=\"async\" width=\"300\" height=\"200\" src=\"https:\/\/adriacaminofestival.com\/wp-content\/uploads\/2025\/07\/img1-300x200.jpg\" class=\"attachment-medium size-medium wp-image-1639\" alt=\"\" srcset=\"https:\/\/adriacaminofestival.com\/wp-content\/uploads\/2025\/07\/img1-300x200.jpg 300w, https:\/\/adriacaminofestival.com\/wp-content\/uploads\/2025\/07\/img1-768x513.jpg 768w, https:\/\/adriacaminofestival.com\/wp-content\/uploads\/2025\/07\/img1.jpg 800w\" sizes=\"(max-width: 300px) 100vw, 300px\" \/>\t\t\t\t\t\t\t\t\t\t\t\t\t\t\t<\/div>\n\t\t\t\t<\/div>\n\t\t\t\t<div class=\"elementor-element elementor-element-0ab4ec0 elementor-widget elementor-widget-text-editor\" data-id=\"0ab4ec0\" data-element_type=\"widget\" data-widget_type=\"text-editor.default\">\n\t\t\t\t<div class=\"elementor-widget-container\">\n\t\t\t\t\t\t\t\t\t<h5 style=\"text-align: center;\"><span style=\"color: #4054b2;\"><strong>QR Camino Europe<\/strong><\/span><\/h5><p style=\"text-align: center;\"><span style=\"color: #000000;\">Pro\u0161e\u0107ite starim gradom, skenirajte QR kodove , pogledajte interaktivne prezentacije europskih Camino ruta i nabavite jedinstvenu Compostelu! Otvoreno od petka ujutro do kraja Festivala. <\/span><\/p>\t\t\t\t\t\t\t\t<\/div>\n\t\t\t\t<\/div>\n\t\t\t\t\t<\/div>\n\t\t<\/div>\n\t\t\t\t<div class=\"elementor-column elementor-col-50 elementor-top-column elementor-element elementor-element-0f485b7\" data-id=\"0f485b7\" data-element_type=\"column\">\n\t\t\t<div class=\"elementor-widget-wrap elementor-element-populated\">\n\t\t\t\t\t\t<div class=\"elementor-element elementor-element-6a0ec71 elementor-widget elementor-widget-image\" data-id=\"6a0ec71\" data-element_type=\"widget\" data-widget_type=\"image.default\">\n\t\t\t\t<div class=\"elementor-widget-container\">\n\t\t\t\t\t\t\t\t\t\t\t\t\t\t\t<img decoding=\"async\" width=\"1280\" height=\"720\" src=\"https:\/\/adriacaminofestival.com\/wp-content\/uploads\/2025\/07\/maxresdefault.jpg\" class=\"attachment-full size-full wp-image-1756\" alt=\"\" srcset=\"https:\/\/adriacaminofestival.com\/wp-content\/uploads\/2025\/07\/maxresdefault.jpg 1280w, https:\/\/adriacaminofestival.com\/wp-content\/uploads\/2025\/07\/maxresdefault-300x169.jpg 300w, https:\/\/adriacaminofestival.com\/wp-content\/uploads\/2025\/07\/maxresdefault-1024x576.jpg 1024w, https:\/\/adriacaminofestival.com\/wp-content\/uploads\/2025\/07\/maxresdefault-768x432.jpg 768w\" sizes=\"(max-width: 1280px) 100vw, 1280px\" \/>\t\t\t\t\t\t\t\t\t\t\t\t\t\t\t<\/div>\n\t\t\t\t<\/div>\n\t\t\t\t<div class=\"elementor-element elementor-element-9969c48 elementor-widget elementor-widget-text-editor\" data-id=\"9969c48\" data-element_type=\"widget\" data-widget_type=\"text-editor.default\">\n\t\t\t\t<div class=\"elementor-widget-container\">\n\t\t\t\t\t\t\t\t\t<h5 style=\"text-align: center;\"><span style=\"color: #4054b2;\"><strong>Film &#8220;The Way, My Wayt&#8221; Billa Benneta &#8211; subota 21:00<\/strong><\/span><\/h5><p style=\"text-align: center;\"><em>&#8220;&#8230; najautenti\u010dniji prikaz iskustva Camina &#8230; Smijat \u0107ete se, plakati, poistovjetiti se i bit \u0107ete inspirirani ovim filmom. Uistinu predstavlja transformacijsku prirodu iskustva Camina&#8230;&#8221;<\/em><\/p><p style=\"text-align: center;\"><a href=\"https:\/\/thewaymywaymovie.com\/?fbclid=IwAR1agYHXazjVgO0loqHCZUgajKIM-_YpBq6ustPMqewpZ10WgQ_pcMzvaOs\"><strong>NAJAVA FILMA &#8211; Kliknite ovdje<\/strong><\/a><\/p>\t\t\t\t\t\t\t\t<\/div>\n\t\t\t\t<\/div>\n\t\t\t\t\t<\/div>\n\t\t<\/div>\n\t\t\t\t\t<\/div>\n\t\t<\/section>\n\t\t\t\t<section class=\"elementor-section elementor-top-section elementor-element elementor-element-0856a6d elementor-section-boxed elementor-section-height-default elementor-section-height-default\" data-id=\"0856a6d\" data-element_type=\"section\" data-settings=\"{&quot;background_background&quot;:&quot;classic&quot;}\">\n\t\t\t\t\t\t<div class=\"elementor-container elementor-column-gap-default\">\n\t\t\t\t\t<div class=\"elementor-column elementor-col-100 elementor-top-column elementor-element elementor-element-e344dc0\" data-id=\"e344dc0\" data-element_type=\"column\" data-settings=\"{&quot;background_background&quot;:&quot;classic&quot;}\">\n\t\t\t<div class=\"elementor-widget-wrap elementor-element-populated\">\n\t\t\t\t\t\t<div class=\"elementor-element elementor-element-66aafbd elementor-widget__width-initial elementor-widget elementor-widget-text-editor\" data-id=\"66aafbd\" data-element_type=\"widget\" data-widget_type=\"text-editor.default\">\n\t\t\t\t<div class=\"elementor-widget-container\">\n\t\t\t\t\t\t\t\t\t<h5>SUBOTA 27.09. &#8211; Art podrum <a style=\"background-color: #ffffff; font-size: 1rem;\" href=\"https:\/\/maps.app.goo.gl\/Whht4KGcXjoZNDnZ7\"><span style=\"text-decoration-line: underline;\">Google Maps lokacija<\/span><\/a> <\/h5><p><b>8:00-14:30 \u0160etnja hrvatskim Caminom od katedrale Sv. Jakova do sveti\u0161ta Gospe od Karmela na brdu Okit<\/b><\/p><p><span style=\"font-size: 1rem;\">16:00-16:20 Gostprimstvo i jakobejske udruge u \u0160panjolskoj &#8211; J<\/span>uan Guerrero, predsjednik<span style=\"font-size: 1rem;\"> FEAACS-a <\/span><br><span style=\"font-size: 1rem;\">16:20-17:00 OKRUGLI STOL: HODO\u010cASNI\u010cKO GOSTOPRIMSTVO<br>17:00-17:20 Biciklisti\u010dki hodo\u010dasnik &#8211; Peter <\/span>Hesseling<br><span style=\"font-size: 1rem;\">17:20-17:40 Camino Catalunya &#8211; Joaquim Rosa, Asociaci\u00f3n Gerunda<\/span><\/p><p>17:40-18:00 PAUZA ZA KAVU<\/p><p>18:00-18:20 Camino u Toskani, profesor Jacopo Caucci von Saucken, Italija<br><span style=\"font-size: 1rem;\">18:20-18:40 Via Postumia, Umberto Gallo<br><\/span><span style=\"font-size: 1rem;\">18:40-19:20 Camino Podravina &#8211; izgradnja Camina s lokalnom zajednicom,<\/span><\/p><p><b>21:00 Premijera filma &#8220;The Way, My Way&#8221; (na engleskom, bez titlova) &#8211; Art podrum<\/b><\/p>\t\t\t\t\t\t\t\t<\/div>\n\t\t\t\t<\/div>\n\t\t\t\t\t<\/div>\n\t\t<\/div>\n\t\t\t\t\t<\/div>\n\t\t<\/section>\n\t\t\t\t<section class=\"elementor-section elementor-top-section elementor-element elementor-element-fb2a682 elementor-hidden-desktop elementor-hidden-tablet elementor-hidden-mobile elementor-section-boxed elementor-section-height-default elementor-section-height-default\" data-id=\"fb2a682\" data-element_type=\"section\">\n\t\t\t\t\t\t<div class=\"elementor-container elementor-column-gap-default\">\n\t\t\t\t\t<div class=\"elementor-column elementor-col-50 elementor-top-column elementor-element elementor-element-fe366f3\" data-id=\"fe366f3\" data-element_type=\"column\" data-settings=\"{&quot;background_background&quot;:&quot;classic&quot;}\">\n\t\t\t<div class=\"elementor-widget-wrap elementor-element-populated\">\n\t\t\t\t\t\t<div class=\"elementor-element elementor-element-ca33d79 elementor-widget elementor-widget-button\" data-id=\"ca33d79\" data-element_type=\"widget\" data-widget_type=\"button.default\">\n\t\t\t\t<div class=\"elementor-widget-container\">\n\t\t\t\t\t\t\t\t\t<div class=\"elementor-button-wrapper\">\n\t\t\t\t\t<a class=\"elementor-button elementor-button-link elementor-size-sm\" href=\"https:\/\/youtu.be\/eIYrEBQhLEQ?si=6sLDxSX_XjlGGyTx\">\n\t\t\t\t\t\t<span class=\"elementor-button-content-wrapper\">\n\t\t\t\t\t\t\t\t\t<span class=\"elementor-button-text\">\"The Way, My Way\"<\/span>\n\t\t\t\t\t<\/span>\n\t\t\t\t\t<\/a>\n\t\t\t\t<\/div>\n\t\t\t\t\t\t\t\t<\/div>\n\t\t\t\t<\/div>\n\t\t\t\t\t<\/div>\n\t\t<\/div>\n\t\t\t\t<div class=\"elementor-column elementor-col-50 elementor-top-column elementor-element elementor-element-c2062de\" data-id=\"c2062de\" data-element_type=\"column\" data-settings=\"{&quot;background_background&quot;:&quot;classic&quot;}\">\n\t\t\t<div class=\"elementor-widget-wrap elementor-element-populated\">\n\t\t\t\t\t\t<div class=\"elementor-element elementor-element-5b4370a elementor-widget elementor-widget-text-editor\" data-id=\"5b4370a\" data-element_type=\"widget\" data-widget_type=\"text-editor.default\">\n\t\t\t\t<div class=\"elementor-widget-container\">\n\t\t\t\t\t\t\t\t\t<p><span style=\"color: #4054b2;\"><strong style=\"color: #4054b2;\">Film &#8220;The Way, My Way&#8221; Billa Benneta &#8211; petak 21:00<\/strong><\/span><\/p><p><em>&#8220;&#8230; najautenti\u010dniji prikaz iskustva Camina, do Santiaga do danas. Film je jedinstven po tome \u0161to se, kao i profesionalni glumci, mnogi pravi hodo\u010dasnici pojavljuju kao dio drame. Smijat \u0107ete se, plakati, identificirati i prije svega biti inspirirani ovim filmom. Uistinu predstavlja transformacijsku prirodu Camino iskustva&#8230;&#8221;<\/em><\/p><p><em>Johnniewalker Santiago, veteran hodo\u010dasnik, autor, ljubitelj Camina  <\/em><\/p><p><a href=\"https:\/\/thewaymywaymovie.com\/?fbclid=IwAR1agYHXazjVgO0loqHCZUgajKIM-_YpBq6ustPMqewpZ10WgQ_pcMzvaOs\"><strong>NAJAVA FILMA &#8211; Kliknite ovdje<\/strong><\/a><\/p>\t\t\t\t\t\t\t\t<\/div>\n\t\t\t\t<\/div>\n\t\t\t\t\t<\/div>\n\t\t<\/div>\n\t\t\t\t\t<\/div>\n\t\t<\/section>\n\t\t\t\t<section class=\"elementor-section elementor-top-section elementor-element elementor-element-cc39a96 elementor-section-boxed elementor-section-height-default elementor-section-height-default\" data-id=\"cc39a96\" data-element_type=\"section\" data-settings=\"{&quot;background_background&quot;:&quot;classic&quot;}\">\n\t\t\t\t\t\t<div class=\"elementor-container elementor-column-gap-default\">\n\t\t\t\t\t<div class=\"elementor-column elementor-col-100 elementor-top-column elementor-element elementor-element-4d9f683\" data-id=\"4d9f683\" data-element_type=\"column\" data-settings=\"{&quot;background_background&quot;:&quot;classic&quot;}\">\n\t\t\t<div class=\"elementor-widget-wrap elementor-element-populated\">\n\t\t\t\t\t\t<div class=\"elementor-element elementor-element-689d92a elementor-widget__width-initial elementor-widget elementor-widget-text-editor\" data-id=\"689d92a\" data-element_type=\"widget\" data-widget_type=\"text-editor.default\">\n\t\t\t\t<div class=\"elementor-widget-container\">\n\t\t\t\t\t\t\t\t\t<h5>NEDJELJA 28.09. &#8211; <span style=\"font-size: 1.25rem;\">Art podrum <\/span><a style=\"background-color: #ffffff; font-size: 1rem;\" href=\"https:\/\/maps.app.goo.gl\/Whht4KGcXjoZNDnZ7\"><span style=\"text-decoration-line: underline;\">Google Maps lokacija<\/span><\/a> <\/h5><p><span style=\"font-size: 1rem;\">8:30-8:50 Globalni Camino projekt &#8211; Leanne Prichard, Australija<br><\/span><span style=\"font-size: 1rem;\">8:50-9:10 Do\u010dek hodo\u010dasnika u Santiagu &#8211; Rado Sluga, Slovenija<br><\/span><span style=\"font-size: 1rem;\">9:10-10:50 OKRUGLI STOL: <b>Glasovi Camina, dijeljenje hodo\u010dasni\u010dkih pri\u010da i iskustava <\/b><br>10:50 Zatvaranje festivala<\/span><\/p><p><span style=\"font-size: 1rem;\">11:00 Sveta misa u katedrali sv. Jakova<\/span><\/p>\t\t\t\t\t\t\t\t<\/div>\n\t\t\t\t<\/div>\n\t\t\t\t\t<\/div>\n\t\t<\/div>\n\t\t\t\t\t<\/div>\n\t\t<\/section>\n\t\t\t\t<section class=\"elementor-section elementor-top-section elementor-element elementor-element-408435a elementor-section-boxed elementor-section-height-default elementor-section-height-default\" data-id=\"408435a\" data-element_type=\"section\">\n\t\t\t\t\t\t<div class=\"elementor-container elementor-column-gap-default\">\n\t\t\t\t\t<div class=\"elementor-column elementor-col-50 elementor-top-column elementor-element elementor-element-8a77f32\" data-id=\"8a77f32\" data-element_type=\"column\">\n\t\t\t<div class=\"elementor-widget-wrap elementor-element-populated\">\n\t\t\t\t\t\t<div class=\"elementor-element elementor-element-a0d27df elementor-widget elementor-widget-image\" data-id=\"a0d27df\" data-element_type=\"widget\" data-widget_type=\"image.default\">\n\t\t\t\t<div class=\"elementor-widget-container\">\n\t\t\t\t\t\t\t\t\t\t\t\t\t\t\t<img decoding=\"async\" width=\"300\" height=\"200\" src=\"https:\/\/adriacaminofestival.com\/wp-content\/uploads\/2025\/09\/logo-sib-card1-300x200.jpg\" class=\"attachment-medium size-medium wp-image-2534\" alt=\"\" srcset=\"https:\/\/adriacaminofestival.com\/wp-content\/uploads\/2025\/09\/logo-sib-card1-300x200.jpg 300w, https:\/\/adriacaminofestival.com\/wp-content\/uploads\/2025\/09\/logo-sib-card1-768x513.jpg 768w, https:\/\/adriacaminofestival.com\/wp-content\/uploads\/2025\/09\/logo-sib-card1.jpg 800w\" sizes=\"(max-width: 300px) 100vw, 300px\" \/>\t\t\t\t\t\t\t\t\t\t\t\t\t\t\t<\/div>\n\t\t\t\t<\/div>\n\t\t\t\t<div class=\"elementor-element elementor-element-82ed6a5 elementor-widget elementor-widget-text-editor\" data-id=\"82ed6a5\" data-element_type=\"widget\" data-widget_type=\"text-editor.default\">\n\t\t\t\t<div class=\"elementor-widget-container\">\n\t\t\t\t\t\t\t\t\t<h5 style=\"text-align: center;\"><span style=\"color: #4054b2;\"><strong>\u0160ibenik kartica<\/strong><\/span><\/h5><p style=\"text-align: center;\">Otkrijte \u0160ibenik uz \u0160ibenik Card! U\u0161tedite na atrakcijama i izletima, uklju\u010duju\u0107i besplatan ulaz u katedralu, utvrde, muzej i popuste na Nacionalni park Krka i izlete brodom. Kupite <a href=\"https:\/\/www.sibenikcard.hr\/\" target=\"_blank\" rel=\"noopener\"><span style=\"text-decoration: underline;\">ONLINE OVDJE &gt;<\/span><\/a>   <\/p>\t\t\t\t\t\t\t\t<\/div>\n\t\t\t\t<\/div>\n\t\t\t\t\t<\/div>\n\t\t<\/div>\n\t\t\t\t<div class=\"elementor-column elementor-col-50 elementor-top-column elementor-element elementor-element-eb221b9\" data-id=\"eb221b9\" data-element_type=\"column\">\n\t\t\t<div class=\"elementor-widget-wrap elementor-element-populated\">\n\t\t\t\t\t\t<div class=\"elementor-element elementor-element-3b2e436 elementor-widget-mobile__width-inherit elementor-widget elementor-widget-image\" data-id=\"3b2e436\" data-element_type=\"widget\" data-widget_type=\"image.default\">\n\t\t\t\t<div class=\"elementor-widget-container\">\n\t\t\t\t\t\t\t\t\t\t\t\t\t\t\t<img loading=\"lazy\" decoding=\"async\" width=\"300\" height=\"200\" src=\"https:\/\/adriacaminofestival.com\/wp-content\/uploads\/2025\/09\/St-nicholas1-300x200.jpg\" class=\"attachment-medium size-medium wp-image-2524\" alt=\"\" srcset=\"https:\/\/adriacaminofestival.com\/wp-content\/uploads\/2025\/09\/St-nicholas1-300x200.jpg 300w, https:\/\/adriacaminofestival.com\/wp-content\/uploads\/2025\/09\/St-nicholas1-768x512.jpg 768w, https:\/\/adriacaminofestival.com\/wp-content\/uploads\/2025\/09\/St-nicholas1.jpg 799w\" sizes=\"(max-width: 300px) 100vw, 300px\" \/>\t\t\t\t\t\t\t\t\t\t\t\t\t\t\t<\/div>\n\t\t\t\t<\/div>\n\t\t\t\t<div class=\"elementor-element elementor-element-14548d8 elementor-widget elementor-widget-text-editor\" data-id=\"14548d8\" data-element_type=\"widget\" data-widget_type=\"text-editor.default\">\n\t\t\t\t<div class=\"elementor-widget-container\">\n\t\t\t\t\t\t\t\t\t<h5 style=\"text-align: center;\"><span style=\"color: #4054b2;\"><strong>50% Popust: <\/strong><\/span><span style=\"font-weight: bolder; color: #4054b2; font-size: 1.25rem;\">Tvr\u0111ava Sv. Nikole<\/span><\/h5><p style=\"text-align: center;\">Za sve posjetitelje festivala &#8211; Poseban popust od 50% na izlet brodom do tvr\u0111ave Sv. Nikole, uz predo\u010denje akreditacije za sudionike na prodajnim mjestima: <a href=\"https:\/\/maps.app.goo.gl\/A2fJQ2N5yPjfi3Sy8\">Centar za posjetitelje &#8220;Kanal Sv. Ante&#8221;<\/a> i <a href=\"https:\/\/maps.app.goo.gl\/ifR9cjTAamNfFBS8A\" target=\"_blank\" rel=\"noopener\">Tvr\u0111ava Sv. Nikola &#8211; Info centar.<\/a><\/p>\t\t\t\t\t\t\t\t<\/div>\n\t\t\t\t<\/div>\n\t\t\t\t\t<\/div>\n\t\t<\/div>\n\t\t\t\t\t<\/div>\n\t\t<\/section>\n\t\t\t\t<\/div>\n\t\t","protected":false},"excerpt":{"rendered":"<p>Program festivala Organizatori zadr\u017eavaju pravo a\u017euriranja programa. Sve takve promjene bit \u0107e vidljive na ovoj web stranici. &nbsp; PRIJEVOD: Za tekstualni prijevod &#8220;u\u017eivo&#8221; tijekom festivala kliknite na Wordly link: https:\/\/attend.wordly.ai\/join\/VLLF-0487&nbsp;(link aktivan samo tijekom manifestacije). Ponesite vlastite slu\u0161alice ako \u017eelite slu\u0161ati prijevod na svom mobitelu. &nbsp;PETAK 26.09. &#8211; Civitas Sacra Google Maps lokacija 8:30-10:00 Registracija sudionika10:00-10:05 [&hellip;]<\/p>\n","protected":false},"author":1,"featured_media":0,"parent":0,"menu_order":0,"comment_status":"closed","ping_status":"closed","template":"","meta":{"footnotes":""},"folder":[],"class_list":["post-2138","page","type-page","status-publish","hentry"],"_links":{"self":[{"href":"https:\/\/adriacaminofestival.com\/hr\/wp-json\/wp\/v2\/pages\/2138","targetHints":{"allow":["GET"]}}],"collection":[{"href":"https:\/\/adriacaminofestival.com\/hr\/wp-json\/wp\/v2\/pages"}],"about":[{"href":"https:\/\/adriacaminofestival.com\/hr\/wp-json\/wp\/v2\/types\/page"}],"author":[{"embeddable":true,"href":"https:\/\/adriacaminofestival.com\/hr\/wp-json\/wp\/v2\/users\/1"}],"replies":[{"embeddable":true,"href":"https:\/\/adriacaminofestival.com\/hr\/wp-json\/wp\/v2\/comments?post=2138"}],"version-history":[{"count":13,"href":"https:\/\/adriacaminofestival.com\/hr\/wp-json\/wp\/v2\/pages\/2138\/revisions"}],"predecessor-version":[{"id":2736,"href":"https:\/\/adriacaminofestival.com\/hr\/wp-json\/wp\/v2\/pages\/2138\/revisions\/2736"}],"wp:attachment":[{"href":"https:\/\/adriacaminofestival.com\/hr\/wp-json\/wp\/v2\/media?parent=2138"}],"wp:term":[{"taxonomy":"folder","embeddable":true,"href":"https:\/\/adriacaminofestival.com\/hr\/wp-json\/wp\/v2\/folder?post=2138"}],"curies":[{"name":"wp","href":"https:\/\/api.w.org\/{rel}","templated":true}]}}